{"id":31,"date":"2025-06-10T21:48:08","date_gmt":"2025-06-10T19:48:08","guid":{"rendered":"https:\/\/www.cbcworldwideafrica.com\/cbcworldwideafrica\/case-studies\/"},"modified":"2025-08-08T16:14:13","modified_gmt":"2025-08-08T14:14:13","slug":"diaka-camara-fondatrice-cbcworldwide","status":"publish","type":"page","link":"https:\/\/www.cbcworldwideafrica.com\/cbcworldwideafrica\/diaka-camara-fondatrice-cbcworldwide\/","title":{"rendered":"Diaka Camara Fondatrice de CBC Worldwide"},"content":{"rendered":"\t\t<div data-elementor-type=\"wp-post\" data-elementor-id=\"31\" class=\"elementor elementor-31\">\n\t\t\t\t\t\t<section class=\"elementor-section elementor-top-section elementor-element elementor-element-6c5edd7a elementor-section-content-middle elementor-section-boxed elementor-section-height-default elementor-section-height-default\" data-id=\"6c5edd7a\" data-element_type=\"section\" data-settings=\"{&quot;background_background&quot;:&quot;classic&quot;}\">\n\t\t\t\t\t\t\t<div class=\"elementor-background-overlay\"><\/div>\n\t\t\t\t\t\t\t<div class=\"elementor-container elementor-column-gap-wider\">\n\t\t\t\t\t<div class=\"elementor-column elementor-col-100 elementor-top-column elementor-element elementor-element-67eaf97\" data-id=\"67eaf97\" data-element_type=\"column\">\n\t\t\t<div class=\"elementor-widget-wrap\">\n\t\t\t\t\t\t\t<\/div>\n\t\t<\/div>\n\t\t\t\t\t<\/div>\n\t\t<\/section>\n\t\t<div class=\"elementor-element elementor-element-cf6a298 e-flex e-con-boxed e-con e-parent\" data-id=\"cf6a298\" data-element_type=\"container\">\n\t\t\t\t\t<div class=\"e-con-inner\">\n\t\t\t\t<div class=\"elementor-element elementor-element-11e77cd elementor-invisible elementor-widget elementor-widget-heading\" data-id=\"11e77cd\" data-element_type=\"widget\" data-settings=\"{&quot;_animation&quot;:&quot;fadeInDown&quot;}\" data-widget_type=\"heading.default\">\n\t\t\t\t<div class=\"elementor-widget-container\">\n\t\t\t\t\t<h2 class=\"elementor-heading-title elementor-size-default\">premi\u00e8re agence de communication et d'audiovisuel en guin\u00e9e <br>-fond\u00e9e par Diaka Camara -<\/h2>\t\t\t\t<\/div>\n\t\t\t\t<\/div>\n\t\t\t\t\t<\/div>\n\t\t\t\t<\/div>\n\t\t\t\t<section class=\"elementor-section elementor-top-section elementor-element elementor-element-1r9ztin elementor-reverse-mobile elementor-section-boxed elementor-section-height-default elementor-section-height-default elementor-invisible\" data-id=\"1r9ztin\" data-element_type=\"section\" data-settings=\"{&quot;background_background&quot;:&quot;classic&quot;,&quot;animation&quot;:&quot;fadeInLeft&quot;}\">\n\t\t\t\t\t\t<div class=\"elementor-container elementor-column-gap-default\">\n\t\t\t\t\t<div class=\"elementor-column elementor-col-50 elementor-top-column elementor-element elementor-element-f25b8e3\" data-id=\"f25b8e3\" data-element_type=\"column\">\n\t\t\t<div class=\"elementor-widget-wrap elementor-element-populated\">\n\t\t\t\t\t\t<div class=\"elementor-element elementor-element-a4ae0fd elementor-invisible elementor-widget elementor-widget-heading\" data-id=\"a4ae0fd\" data-element_type=\"widget\" data-settings=\"{&quot;_animation&quot;:&quot;fadeInUp&quot;}\" data-widget_type=\"heading.default\">\n\t\t\t\t<div class=\"elementor-widget-container\">\n\t\t\t\t\t<h1 class=\"elementor-heading-title elementor-size-default\">Diaka Camara, fondatrice de CBC Worldwide et figure de l\u2019audiovisuel africain<\/h1>\t\t\t\t<\/div>\n\t\t\t\t<\/div>\n\t\t\t\t<div class=\"elementor-element elementor-element-73a8420 elementor-invisible elementor-widget elementor-widget-text-editor\" data-id=\"73a8420\" data-element_type=\"widget\" data-settings=\"{&quot;_animation&quot;:&quot;fadeIn&quot;,&quot;_animation_mobile&quot;:&quot;fadeInUp&quot;}\" data-widget_type=\"text-editor.default\">\n\t\t\t\t<div class=\"elementor-widget-container\">\n\t\t\t\t\t\t\t\t\t<p data-start=\"293\" data-end=\"523\">Fondatrice de CBC Worldwide, Diaka Camara dirige depuis 2011 la premi\u00e8re agence de communication et de production audiovisuelle en Guin\u00e9e.<strong data-start=\"816\" data-end=\"1037\"><a href=\"https:\/\/fr.wikipedia.org\/wiki\/Diaka_Camara\"> Productrice guin\u00e9enne et entrepreneure engag\u00e9e,<\/a> elle est aujourd\u2019hui reconnue comme une figure incontournable de la communication et de la production audiovisuelle en Afrique.<\/strong><br data-start=\"1037\" data-end=\"1040\" \/><strong data-start=\"1040\" data-end=\"1137\">Install\u00e9e \u00e0 Conakry, l\u2019agence rayonne \u00e0 la fois sur le plan panafricain et \u00e0 l\u2019international.<\/strong><br data-start=\"1137\" data-end=\"1140\" \/><strong data-start=\"1140\" data-end=\"1282\">Elle s\u2019adresse aux marques, fondations, institutions et cr\u00e9ateurs souhaitant concr\u00e9tiser des projets \u00e0 forte valeur culturelle et sociale.<\/strong><br data-start=\"1282\" data-end=\"1285\" \/><strong data-start=\"1285\" data-end=\"1447\">En combinant strat\u00e9gie, cr\u00e9ativit\u00e9 et engagement, CBC Worldwide transforme chaque id\u00e9e en contenu impactant, tout en mettant en lumi\u00e8re les talents africains. Concr\u00e8tement, <a href=\"https:\/\/www.cbcworldwideafrica.com\/cbcworldwideafrica\/services-audiovisuel-afrique-diaka-camara\/\">CBC Worldwide<\/a> prend en charge toutes les \u00e9tapes : conception, tournage, logistique, autorisations administratives, montage, post-production et distribution.<\/strong><\/p>\t\t\t\t\t\t\t\t<\/div>\n\t\t\t\t<\/div>\n\t\t\t\t<div class=\"elementor-element elementor-element-d19f710 elementor-invisible elementor-widget elementor-widget-heading\" data-id=\"d19f710\" data-element_type=\"widget\" data-settings=\"{&quot;_animation&quot;:&quot;fadeInUp&quot;}\" data-widget_type=\"heading.default\">\n\t\t\t\t<div class=\"elementor-widget-container\">\n\t\t\t\t\t<h2 class=\"elementor-heading-title elementor-size-default\">CBC Worldwide : une soci\u00e9t\u00e9 de production audiovisuelle cr\u00e9\u00e9e \u00e0 Conakry en 2011<\/h2>\t\t\t\t<\/div>\n\t\t\t\t<\/div>\n\t\t\t\t<section class=\"elementor-section elementor-inner-section elementor-element elementor-element-f3d436a elementor-section-boxed elementor-section-height-default elementor-section-height-default elementor-invisible\" data-id=\"f3d436a\" data-element_type=\"section\" data-settings=\"{&quot;animation&quot;:&quot;fadeInUp&quot;}\">\n\t\t\t\t\t\t<div class=\"elementor-container elementor-column-gap-no\">\n\t\t\t\t\t<div class=\"elementor-column elementor-col-50 elementor-inner-column elementor-element elementor-element-57f08ba\" data-id=\"57f08ba\" data-element_type=\"column\">\n\t\t\t<div class=\"elementor-widget-wrap elementor-element-populated\">\n\t\t\t\t\t\t<div class=\"elementor-element elementor-element-23cd170 elementor-invisible elementor-widget elementor-widget-heading\" data-id=\"23cd170\" data-element_type=\"widget\" data-settings=\"{&quot;_animation&quot;:&quot;fadeInUp&quot;}\" data-widget_type=\"heading.default\">\n\t\t\t\t<div class=\"elementor-widget-container\">\n\t\t\t\t\t<h3 class=\"elementor-heading-title elementor-size-default\">Une vision engag\u00e9e pour une Afrique cr\u00e9ative et influente<\/h3>\t\t\t\t<\/div>\n\t\t\t\t<\/div>\n\t\t\t\t<div class=\"elementor-element elementor-element-01256ee elementor-invisible elementor-widget elementor-widget-text-editor\" data-id=\"01256ee\" data-element_type=\"widget\" data-settings=\"{&quot;_animation&quot;:&quot;fadeIn&quot;}\" data-widget_type=\"text-editor.default\">\n\t\t\t\t<div class=\"elementor-widget-container\">\n\t\t\t\t\t\t\t\t\t<p>CBC Worldwide, fond\u00e9e par Diaka Camara, va au-del\u00e0 de la production audiovisuelle classique.<br \/>L\u2019agence construit un \u00e9cosyst\u00e8me complet ax\u00e9 sur la formation des jeunes, la structuration de l\u2019industrie audiovisuelle africaine et l\u2019\u00e9mergence d\u2019une voix panafricaine forte.<br \/>Car Diaka Camara consid\u00e8re l\u2019investissement dans la communication et l\u2019image comme un puissant levier de d\u00e9veloppement \u00e9conomique et social.<br \/>\u00c0 travers CBC Worldwide, elle d\u00e9fend une vision ambitieuse, inclusive et tourn\u00e9e vers l\u2019avenir. Son ambition ? Faire reconna\u00eetre l\u2019Afrique comme un territoire majeur de cr\u00e9ation, d\u2019innovation et de narration visuelle.<\/p>\t\t\t\t\t\t\t\t<\/div>\n\t\t\t\t<\/div>\n\t\t\t\t\t<\/div>\n\t\t<\/div>\n\t\t\t\t<div class=\"elementor-column elementor-col-50 elementor-inner-column elementor-element elementor-element-9b44d17\" data-id=\"9b44d17\" data-element_type=\"column\">\n\t\t\t<div class=\"elementor-widget-wrap elementor-element-populated\">\n\t\t\t\t\t\t<div class=\"elementor-element elementor-element-97ddbb3 elementor-invisible elementor-widget elementor-widget-image\" data-id=\"97ddbb3\" data-element_type=\"widget\" data-settings=\"{&quot;_animation&quot;:&quot;fadeIn&quot;}\" data-widget_type=\"image.default\">\n\t\t\t\t<div class=\"elementor-widget-container\">\n\t\t\t\t\t\t\t\t\t\t\t\t\t\t\t<img fetchpriority=\"high\" decoding=\"async\" width=\"768\" height=\"960\" src=\"https:\/\/www.cbcworldwideafrica.com\/cbcworldwideafrica\/wp-content\/uploads\/2025\/06\/cbc-field-2.jpg\" class=\"attachment-full size-full wp-image-1289\" alt=\"equipe de tournage africaine cbc worldwide africa a conakry\" srcset=\"https:\/\/www.cbcworldwideafrica.com\/cbcworldwideafrica\/wp-content\/uploads\/2025\/06\/cbc-field-2.jpg 768w, https:\/\/www.cbcworldwideafrica.com\/cbcworldwideafrica\/wp-content\/uploads\/2025\/06\/cbc-field-2-240x300.jpg 240w\" sizes=\"(max-width: 768px) 100vw, 768px\" \/>\t\t\t\t\t\t\t\t\t\t\t\t\t\t\t<\/div>\n\t\t\t\t<\/div>\n\t\t\t\t\t<\/div>\n\t\t<\/div>\n\t\t\t\t\t<\/div>\n\t\t<\/section>\n\t\t\t\t<div class=\"elementor-element elementor-element-525cc8f elementor-align-right elementor-tablet-align-left elementor-mobile-align-center elementor-invisible elementor-widget elementor-widget-button\" data-id=\"525cc8f\" data-element_type=\"widget\" data-settings=\"{&quot;_animation&quot;:&quot;fadeInLeft&quot;}\" data-widget_type=\"button.default\">\n\t\t\t\t<div class=\"elementor-widget-container\">\n\t\t\t\t\t\t\t\t\t<div class=\"elementor-button-wrapper\">\n\t\t\t\t\t<a class=\"elementor-button elementor-button-link elementor-size-sm\" href=\"https:\/\/www.cbcworldwideafrica.com\/cbcworldwideafrica\/agence-communication-audiovisuel-guinee-afrique-diaka-camara\/\" target=\"_blank\">\n\t\t\t\t\t\t<span class=\"elementor-button-content-wrapper\">\n\t\t\t\t\t\t\t\t\t<span class=\"elementor-button-text\">decouvrir nos services<\/span>\n\t\t\t\t\t<\/span>\n\t\t\t\t\t<\/a>\n\t\t\t\t<\/div>\n\t\t\t\t\t\t\t\t<\/div>\n\t\t\t\t<\/div>\n\t\t\t\t\t<\/div>\n\t\t<\/div>\n\t\t\t\t<div class=\"elementor-column elementor-col-50 elementor-top-column elementor-element elementor-element-8391c80\" data-id=\"8391c80\" data-element_type=\"column\">\n\t\t\t<div class=\"elementor-widget-wrap elementor-element-populated\">\n\t\t\t\t\t\t<div class=\"elementor-element elementor-element-81cafaa elementor-invisible elementor-widget elementor-widget-image\" data-id=\"81cafaa\" data-element_type=\"widget\" data-settings=\"{&quot;_animation&quot;:&quot;fadeIn&quot;,&quot;_animation_mobile&quot;:&quot;fadeIn&quot;}\" data-widget_type=\"image.default\">\n\t\t\t\t<div class=\"elementor-widget-container\">\n\t\t\t\t\t\t\t\t\t\t\t\t\t\t\t<img decoding=\"async\" width=\"1365\" height=\"2048\" src=\"https:\/\/www.cbcworldwideafrica.com\/cbcworldwideafrica\/wp-content\/uploads\/2025\/08\/528050283_1305191767639707_5070902892266250272_n.jpg\" class=\"attachment-full size-full wp-image-2364\" alt=\"diaka camara animatrice tv africaine le choeur des femmes canal plus\" srcset=\"https:\/\/www.cbcworldwideafrica.com\/cbcworldwideafrica\/wp-content\/uploads\/2025\/08\/528050283_1305191767639707_5070902892266250272_n.jpg 1365w, https:\/\/www.cbcworldwideafrica.com\/cbcworldwideafrica\/wp-content\/uploads\/2025\/08\/528050283_1305191767639707_5070902892266250272_n-200x300.jpg 200w, https:\/\/www.cbcworldwideafrica.com\/cbcworldwideafrica\/wp-content\/uploads\/2025\/08\/528050283_1305191767639707_5070902892266250272_n-683x1024.jpg 683w, https:\/\/www.cbcworldwideafrica.com\/cbcworldwideafrica\/wp-content\/uploads\/2025\/08\/528050283_1305191767639707_5070902892266250272_n-768x1152.jpg 768w, https:\/\/www.cbcworldwideafrica.com\/cbcworldwideafrica\/wp-content\/uploads\/2025\/08\/528050283_1305191767639707_5070902892266250272_n-1024x1536.jpg 1024w\" sizes=\"(max-width: 1365px) 100vw, 1365px\" \/>\t\t\t\t\t\t\t\t\t\t\t\t\t\t\t<\/div>\n\t\t\t\t<\/div>\n\t\t\t\t<div class=\"elementor-element elementor-element-fde8bac elementor-invisible elementor-widget elementor-widget-heading\" data-id=\"fde8bac\" data-element_type=\"widget\" data-settings=\"{&quot;_animation&quot;:&quot;fadeInUp&quot;,&quot;_animation_mobile&quot;:&quot;fadeInRight&quot;}\" data-widget_type=\"heading.default\">\n\t\t\t\t<div class=\"elementor-widget-container\">\n\t\t\t\t\t<h3 class=\"elementor-heading-title elementor-size-default\">partenaire strat\u00e9gique et de confiance en Afrique de l\u2019Ouest<\/h3>\t\t\t\t<\/div>\n\t\t\t\t<\/div>\n\t\t\t\t<div class=\"elementor-element elementor-element-d22d4b6 elementor-invisible elementor-widget elementor-widget-text-editor\" data-id=\"d22d4b6\" data-element_type=\"widget\" data-settings=\"{&quot;_animation&quot;:&quot;fadeIn&quot;,&quot;_animation_mobile&quot;:&quot;fadeInUp&quot;}\" data-widget_type=\"text-editor.default\">\n\t\t\t\t<div class=\"elementor-widget-container\">\n\t\t\t\t\t\t\t\t\t<p data-start=\"307\" data-end=\"438\"><strong data-start=\"780\" data-end=\"904\">CBC Worldwide, dirig\u00e9e par Diaka Camara fondatrice de CBC Worldwide, s\u2019appuie sur une \u00e9quipe exp\u00e9riment\u00e9e et passionn\u00e9e.<\/strong><br data-start=\"904\" data-end=\"907\" \/><strong data-start=\"907\" data-end=\"1055\">Forte de cette expertise, l\u2019agence prend en charge des projets vari\u00e9s : production audiovisuelle, campagnes d\u2019affichage, ou lancements digitaux.<\/strong><br data-start=\"1055\" data-end=\"1058\" \/><strong data-start=\"1058\" data-end=\"1195\">En Guin\u00e9e, en Afrique de l\u2019Ouest, comme \u00e0 l\u2019international, CBC Worldwide garantit un accompagnement sur mesure, rigoureux et cr\u00e9atif.<\/strong><br data-start=\"1195\" data-end=\"1198\" \/><strong data-start=\"1198\" data-end=\"1310\">Par ailleurs, l\u2019agence valorise les talents locaux tout en adoptant les standards de qualit\u00e9 internationaux. <\/strong><strong data-start=\"991\" data-end=\"1116\">Avec une approche int\u00e9gr\u00e9e, elle associe communication, cr\u00e9ation de contenus, d\u00e9veloppement digital et identit\u00e9 visuelle.<\/strong><br data-start=\"1116\" data-end=\"1119\" \/><strong data-start=\"1119\" data-end=\"1223\">Chaque client b\u00e9n\u00e9ficie d\u2019un accompagnement complet, de la naissance du projet jusqu\u2019\u00e0 sa diffusion.<\/strong><\/p>\t\t\t\t\t\t\t\t<\/div>\n\t\t\t\t<\/div>\n\t\t\t\t\t<\/div>\n\t\t<\/div>\n\t\t\t\t\t<\/div>\n\t\t<\/section>\n\t\t\t\t<section class=\"elementor-section elementor-top-section elementor-element elementor-element-767b947 elementor-section-content-top elementor-section-boxed elementor-section-height-default elementor-section-height-default\" data-id=\"767b947\" data-element_type=\"section\">\n\t\t\t\t\t\t<div class=\"elementor-container elementor-column-gap-wider\">\n\t\t\t\t\t<div class=\"elementor-column elementor-col-33 elementor-top-column elementor-element elementor-element-6822f27\" data-id=\"6822f27\" data-element_type=\"column\">\n\t\t\t<div class=\"elementor-widget-wrap\">\n\t\t\t\t\t\t\t<\/div>\n\t\t<\/div>\n\t\t\t\t<div class=\"elementor-column elementor-col-33 elementor-top-column elementor-element elementor-element-bab9c0d\" data-id=\"bab9c0d\" data-element_type=\"column\">\n\t\t\t<div class=\"elementor-widget-wrap elementor-element-populated\">\n\t\t\t\t\t\t<div class=\"elementor-element elementor-element-38768f3 elementor-invisible elementor-widget elementor-widget-heading\" data-id=\"38768f3\" data-element_type=\"widget\" data-settings=\"{&quot;_animation&quot;:&quot;fadeInDown&quot;}\" data-widget_type=\"heading.default\">\n\t\t\t\t<div class=\"elementor-widget-container\">\n\t\t\t\t\t<h5 class=\"elementor-heading-title elementor-size-default\"> \u00c0 propos de Diaka Camara, fondatrice et dirigeante de CBC Worldwide<\/h5>\t\t\t\t<\/div>\n\t\t\t\t<\/div>\n\t\t\t\t<div class=\"elementor-element elementor-element-ac77b56 elementor-invisible elementor-widget elementor-widget-heading\" data-id=\"ac77b56\" data-element_type=\"widget\" data-settings=\"{&quot;_animation&quot;:&quot;fadeInUp&quot;}\" data-widget_type=\"heading.default\">\n\t\t\t\t<div class=\"elementor-widget-container\">\n\t\t\t\t\t<h3 class=\"elementor-heading-title elementor-size-default\">Pionni\u00e8re des industries culturelles et cr\u00e9atives en guin\u00e9e, Diaka Camara s\u2019impose comme la figure incontournable de l\u2019audiovisuel en Afrique francophone.<\/h3>\t\t\t\t<\/div>\n\t\t\t\t<\/div>\n\t\t\t\t\t<\/div>\n\t\t<\/div>\n\t\t\t\t<div class=\"elementor-column elementor-col-33 elementor-top-column elementor-element elementor-element-78b8e76\" data-id=\"78b8e76\" data-element_type=\"column\">\n\t\t\t<div class=\"elementor-widget-wrap\">\n\t\t\t\t\t\t\t<\/div>\n\t\t<\/div>\n\t\t\t\t\t<\/div>\n\t\t<\/section>\n\t\t\t\t<section class=\"elementor-section elementor-top-section elementor-element elementor-element-b8d5113 elementor-section-content-top elementor-section-boxed elementor-section-height-default elementor-section-height-default\" data-id=\"b8d5113\" data-element_type=\"section\">\n\t\t\t\t\t\t<div class=\"elementor-container elementor-column-gap-no\">\n\t\t\t\t\t<div class=\"elementor-column elementor-col-50 elementor-top-column elementor-element elementor-element-f0b5dca\" data-id=\"f0b5dca\" data-element_type=\"column\">\n\t\t\t<div class=\"elementor-widget-wrap elementor-element-populated\">\n\t\t\t\t\t\t<div class=\"elementor-element elementor-element-95c7aec elementor-pagination-position-outside elementor-widget elementor-widget-image-carousel\" data-id=\"95c7aec\" data-element_type=\"widget\" data-settings=\"{&quot;slides_to_show&quot;:&quot;1&quot;,&quot;navigation&quot;:&quot;dots&quot;,&quot;autoplay_speed&quot;:2000,&quot;autoplay&quot;:&quot;yes&quot;,&quot;pause_on_hover&quot;:&quot;yes&quot;,&quot;pause_on_interaction&quot;:&quot;yes&quot;,&quot;infinite&quot;:&quot;yes&quot;,&quot;effect&quot;:&quot;slide&quot;,&quot;speed&quot;:500}\" data-widget_type=\"image-carousel.default\">\n\t\t\t\t<div class=\"elementor-widget-container\">\n\t\t\t\t\t\t\t<div class=\"elementor-image-carousel-wrapper swiper\" role=\"region\" aria-roledescription=\"carousel\" aria-label=\"Carrousel d\u2019images\" dir=\"ltr\">\n\t\t\t<div class=\"elementor-image-carousel swiper-wrapper\" aria-live=\"off\">\n\t\t\t\t\t\t\t\t<div class=\"swiper-slide\" role=\"group\" aria-roledescription=\"slide\" aria-label=\"1 sur 4\"><figure class=\"swiper-slide-inner\"><img decoding=\"async\" class=\"swiper-slide-image\" src=\"https:\/\/www.cbcworldwideafrica.com\/cbcworldwideafrica\/wp-content\/uploads\/2025\/06\/IMG-20250212-WA0011.jpg\" alt=\"Diaka Camara fondatrice de CBC Worldwide Africa\" \/><\/figure><\/div><div class=\"swiper-slide\" role=\"group\" aria-roledescription=\"slide\" aria-label=\"2 sur 4\"><figure class=\"swiper-slide-inner\"><img decoding=\"async\" class=\"swiper-slide-image\" src=\"https:\/\/www.cbcworldwideafrica.com\/cbcworldwideafrica\/wp-content\/uploads\/2025\/08\/489408255_1218272416331643_7533071254174958068_n.jpg\" alt=\"diaka camara animatrice tv et journaliste guineenne a abidjan\" \/><\/figure><\/div><div class=\"swiper-slide\" role=\"group\" aria-roledescription=\"slide\" aria-label=\"3 sur 4\"><figure class=\"swiper-slide-inner\"><img decoding=\"async\" class=\"swiper-slide-image\" src=\"https:\/\/www.cbcworldwideafrica.com\/cbcworldwideafrica\/wp-content\/uploads\/2025\/06\/Diaka-Camara-Productrice-audiovisuelle-africaine-scaled.jpg\" alt=\"Diaka Camara fondatrice de CBC Worldwide en Guin\u00e9e agence de communication et de production audiovisuelle en Afrique\" \/><\/figure><\/div><div class=\"swiper-slide\" role=\"group\" aria-roledescription=\"slide\" aria-label=\"4 sur 4\"><figure class=\"swiper-slide-inner\"><img decoding=\"async\" class=\"swiper-slide-image\" src=\"https:\/\/www.cbcworldwideafrica.com\/cbcworldwideafrica\/wp-content\/uploads\/2025\/08\/480970031_1205667540925464_3449677141305256231_n.jpg\" alt=\"480970031_1205667540925464_3449677141305256231_n\" \/><\/figure><\/div>\t\t\t<\/div>\n\t\t\t\t\t\t\t\n\t\t\t\t\t\t\t\t\t<div class=\"swiper-pagination\"><\/div>\n\t\t\t\t\t\t\t\t\t<\/div>\n\t\t\t\t\t\t<\/div>\n\t\t\t\t<\/div>\n\t\t\t\t<div class=\"elementor-element elementor-element-15c6972 elementor-align-right elementor-tablet-align-left elementor-invisible elementor-widget elementor-widget-button\" data-id=\"15c6972\" data-element_type=\"widget\" data-settings=\"{&quot;_animation&quot;:&quot;fadeInLeft&quot;}\" data-widget_type=\"button.default\">\n\t\t\t\t<div class=\"elementor-widget-container\">\n\t\t\t\t\t\t\t\t\t<div class=\"elementor-button-wrapper\">\n\t\t\t\t\t<a class=\"elementor-button elementor-button-link elementor-size-sm\" href=\"https:\/\/www.cbcworldwideafrica.com\/cbcworldwideafrica\/wp-content\/uploads\/2025\/07\/DIAKA-CAMARA-MEDIA-KIT-2025-BDWEB.pdf\" target=\"_blank\">\n\t\t\t\t\t\t<span class=\"elementor-button-content-wrapper\">\n\t\t\t\t\t\t\t\t\t<span class=\"elementor-button-text\">telecharger le press book de diaka camara<\/span>\n\t\t\t\t\t<\/span>\n\t\t\t\t\t<\/a>\n\t\t\t\t<\/div>\n\t\t\t\t\t\t\t\t<\/div>\n\t\t\t\t<\/div>\n\t\t\t\t\t<\/div>\n\t\t<\/div>\n\t\t\t\t<div class=\"elementor-column elementor-col-50 elementor-top-column elementor-element elementor-element-a6a1edf\" data-id=\"a6a1edf\" data-element_type=\"column\">\n\t\t\t<div class=\"elementor-widget-wrap elementor-element-populated\">\n\t\t\t\t\t\t<div class=\"elementor-element elementor-element-fbe0896 elementor-invisible elementor-widget elementor-widget-heading\" data-id=\"fbe0896\" data-element_type=\"widget\" data-settings=\"{&quot;_animation&quot;:&quot;fadeInUp&quot;}\" data-widget_type=\"heading.default\">\n\t\t\t\t<div class=\"elementor-widget-container\">\n\t\t\t\t\t<h2 class=\"elementor-heading-title elementor-size-default\">Qui est Diaka Camara ? Fondatrice de CBC Worldwide et leader de l\u2019audiovisuel africain<\/h2>\t\t\t\t<\/div>\n\t\t\t\t<\/div>\n\t\t\t\t<div class=\"elementor-element elementor-element-752fe54 elementor-invisible elementor-widget elementor-widget-text-editor\" data-id=\"752fe54\" data-element_type=\"widget\" data-settings=\"{&quot;_animation&quot;:&quot;fadeInUp&quot;}\" data-widget_type=\"text-editor.default\">\n\t\t\t\t<div class=\"elementor-widget-container\">\n\t\t\t\t\t\t\t\t\t<p data-start=\"331\" data-end=\"439\">Depuis 2006, Diaka Camara fondatrice de CBC Worldwide s\u2019engage pleinement dans l\u2019univers de l\u2019audiovisuel.\u00a0<\/p><p data-start=\"446\" data-end=\"568\">Tr\u00e8s t\u00f4t, elle a cru en la force des histoires africaines pour r\u00e9v\u00e9ler le potentiel culturel et \u00e9conomique du continent.<\/p><p data-start=\"575\" data-end=\"732\">Cependant, produire des contenus de qualit\u00e9 ne suffit pas. Il faut aussi assumer un leadership f\u00e9minin fort, surtout dans un secteur encore domin\u00e9 par les hommes.<\/p><p data-start=\"739\" data-end=\"812\">Pour Diaka Camara, c\u2019est \u00e0 la fois un d\u00e9fi et une opportunit\u00e9 \u00e0 saisir.<\/p><p data-start=\"819\" data-end=\"978\">C\u2019est pourquoi elle met son parcours et son expertise au service de celles et ceux qui partagent sa passion pour une Afrique cr\u00e9ative, innovante et audacieuse.\u00a0<\/p>\t\t\t\t\t\t\t\t<\/div>\n\t\t\t\t<\/div>\n\t\t\t\t<div class=\"elementor-element elementor-element-45c5c1a elementor-shape-rounded elementor-grid-0 e-grid-align-center elementor-widget elementor-widget-social-icons\" data-id=\"45c5c1a\" data-element_type=\"widget\" data-settings=\"{&quot;_animation_mobile&quot;:&quot;slideInDown&quot;}\" data-widget_type=\"social-icons.default\">\n\t\t\t\t<div class=\"elementor-widget-container\">\n\t\t\t\t\t\t\t<div class=\"elementor-social-icons-wrapper elementor-grid\" role=\"list\">\n\t\t\t\t\t\t\t<span class=\"elementor-grid-item\" role=\"listitem\">\n\t\t\t\t\t<a class=\"elementor-icon elementor-social-icon elementor-social-icon-facebook elementor-repeater-item-5291ad5\" href=\"https:\/\/www.facebook.com\/diakacamaraofficiel\/\" target=\"_blank\">\n\t\t\t\t\t\t<span class=\"elementor-screen-only\">Facebook<\/span>\n\t\t\t\t\t\t<svg class=\"e-font-icon-svg e-fab-facebook\" viewBox=\"0 0 512 512\" xmlns=\"http:\/\/www.w3.org\/2000\/svg\"><path d=\"M504 256C504 119 393 8 256 8S8 119 8 256c0 123.78 90.69 226.38 209.25 245V327.69h-63V256h63v-54.64c0-62.15 37-96.48 93.67-96.48 27.14 0 55.52 4.84 55.52 4.84v61h-31.28c-30.8 0-40.41 19.12-40.41 38.73V256h68.78l-11 71.69h-57.78V501C413.31 482.38 504 379.78 504 256z\"><\/path><\/svg>\t\t\t\t\t<\/a>\n\t\t\t\t<\/span>\n\t\t\t\t\t\t\t<span class=\"elementor-grid-item\" role=\"listitem\">\n\t\t\t\t\t<a class=\"elementor-icon elementor-social-icon elementor-social-icon-twitter elementor-repeater-item-8b42093\" href=\"https:\/\/x.com\/diakatop10\" target=\"_blank\">\n\t\t\t\t\t\t<span class=\"elementor-screen-only\">Twitter<\/span>\n\t\t\t\t\t\t<svg class=\"e-font-icon-svg e-fab-twitter\" viewBox=\"0 0 512 512\" xmlns=\"http:\/\/www.w3.org\/2000\/svg\"><path d=\"M459.37 151.716c.325 4.548.325 9.097.325 13.645 0 138.72-105.583 298.558-298.558 298.558-59.452 0-114.68-17.219-161.137-47.106 8.447.974 16.568 1.299 25.34 1.299 49.055 0 94.213-16.568 130.274-44.832-46.132-.975-84.792-31.188-98.112-72.772 6.498.974 12.995 1.624 19.818 1.624 9.421 0 18.843-1.3 27.614-3.573-48.081-9.747-84.143-51.98-84.143-102.985v-1.299c13.969 7.797 30.214 12.67 47.431 13.319-28.264-18.843-46.781-51.005-46.781-87.391 0-19.492 5.197-37.36 14.294-52.954 51.655 63.675 129.3 105.258 216.365 109.807-1.624-7.797-2.599-15.918-2.599-24.04 0-57.828 46.782-104.934 104.934-104.934 30.213 0 57.502 12.67 76.67 33.137 23.715-4.548 46.456-13.32 66.599-25.34-7.798 24.366-24.366 44.833-46.132 57.827 21.117-2.273 41.584-8.122 60.426-16.243-14.292 20.791-32.161 39.308-52.628 54.253z\"><\/path><\/svg>\t\t\t\t\t<\/a>\n\t\t\t\t<\/span>\n\t\t\t\t\t\t\t<span class=\"elementor-grid-item\" role=\"listitem\">\n\t\t\t\t\t<a class=\"elementor-icon elementor-social-icon elementor-social-icon-youtube elementor-repeater-item-ffdf1a4\" href=\"https:\/\/www.youtube.com\/user\/diakacamara\" target=\"_blank\">\n\t\t\t\t\t\t<span class=\"elementor-screen-only\">Youtube<\/span>\n\t\t\t\t\t\t<svg class=\"e-font-icon-svg e-fab-youtube\" viewBox=\"0 0 576 512\" xmlns=\"http:\/\/www.w3.org\/2000\/svg\"><path d=\"M549.655 124.083c-6.281-23.65-24.787-42.276-48.284-48.597C458.781 64 288 64 288 64S117.22 64 74.629 75.486c-23.497 6.322-42.003 24.947-48.284 48.597-11.412 42.867-11.412 132.305-11.412 132.305s0 89.438 11.412 132.305c6.281 23.65 24.787 41.5 48.284 47.821C117.22 448 288 448 288 448s170.78 0 213.371-11.486c23.497-6.321 42.003-24.171 48.284-47.821 11.412-42.867 11.412-132.305 11.412-132.305s0-89.438-11.412-132.305zm-317.51 213.508V175.185l142.739 81.205-142.739 81.201z\"><\/path><\/svg>\t\t\t\t\t<\/a>\n\t\t\t\t<\/span>\n\t\t\t\t\t\t\t<span class=\"elementor-grid-item\" role=\"listitem\">\n\t\t\t\t\t<a class=\"elementor-icon elementor-social-icon elementor-social-icon-instagram elementor-repeater-item-0731f24\" href=\"https:\/\/www.instagram.com\/diakatop10\/?hl=fr\" target=\"_blank\">\n\t\t\t\t\t\t<span class=\"elementor-screen-only\">Instagram<\/span>\n\t\t\t\t\t\t<svg class=\"e-font-icon-svg e-fab-instagram\" viewBox=\"0 0 448 512\" xmlns=\"http:\/\/www.w3.org\/2000\/svg\"><path d=\"M224.1 141c-63.6 0-114.9 51.3-114.9 114.9s51.3 114.9 114.9 114.9S339 319.5 339 255.9 287.7 141 224.1 141zm0 189.6c-41.1 0-74.7-33.5-74.7-74.7s33.5-74.7 74.7-74.7 74.7 33.5 74.7 74.7-33.6 74.7-74.7 74.7zm146.4-194.3c0 14.9-12 26.8-26.8 26.8-14.9 0-26.8-12-26.8-26.8s12-26.8 26.8-26.8 26.8 12 26.8 26.8zm76.1 27.2c-1.7-35.9-9.9-67.7-36.2-93.9-26.2-26.2-58-34.4-93.9-36.2-37-2.1-147.9-2.1-184.9 0-35.8 1.7-67.6 9.9-93.9 36.1s-34.4 58-36.2 93.9c-2.1 37-2.1 147.9 0 184.9 1.7 35.9 9.9 67.7 36.2 93.9s58 34.4 93.9 36.2c37 2.1 147.9 2.1 184.9 0 35.9-1.7 67.7-9.9 93.9-36.2 26.2-26.2 34.4-58 36.2-93.9 2.1-37 2.1-147.8 0-184.8zM398.8 388c-7.8 19.6-22.9 34.7-42.6 42.6-29.5 11.7-99.5 9-132.1 9s-102.7 2.6-132.1-9c-19.6-7.8-34.7-22.9-42.6-42.6-11.7-29.5-9-99.5-9-132.1s-2.6-102.7 9-132.1c7.8-19.6 22.9-34.7 42.6-42.6 29.5-11.7 99.5-9 132.1-9s102.7-2.6 132.1 9c19.6 7.8 34.7 22.9 42.6 42.6 11.7 29.5 9 99.5 9 132.1s2.7 102.7-9 132.1z\"><\/path><\/svg>\t\t\t\t\t<\/a>\n\t\t\t\t<\/span>\n\t\t\t\t\t<\/div>\n\t\t\t\t\t\t<\/div>\n\t\t\t\t<\/div>\n\t\t\t\t\t<\/div>\n\t\t<\/div>\n\t\t\t\t\t<\/div>\n\t\t<\/section>\n\t\t\t\t<section class=\"elementor-section elementor-top-section elementor-element elementor-element-my5ha83 elementor-section-content-top elementor-section-boxed elementor-section-height-default elementor-section-height-default\" data-id=\"my5ha83\" data-element_type=\"section\" data-settings=\"{&quot;background_background&quot;:&quot;classic&quot;}\">\n\t\t\t\t\t\t\t<div class=\"elementor-background-overlay\"><\/div>\n\t\t\t\t\t\t\t<div class=\"elementor-container elementor-column-gap-no\">\n\t\t\t\t\t<div class=\"elementor-column elementor-col-100 elementor-top-column elementor-element elementor-element-fd3d3a5\" data-id=\"fd3d3a5\" data-element_type=\"column\">\n\t\t\t<div class=\"elementor-widget-wrap elementor-element-populated\">\n\t\t\t\t\t\t<div class=\"elementor-element elementor-element-49427c7 elementor-invisible elementor-widget elementor-widget-heading\" data-id=\"49427c7\" data-element_type=\"widget\" data-settings=\"{&quot;_animation&quot;:&quot;fadeInUp&quot;}\" data-widget_type=\"heading.default\">\n\t\t\t\t<div class=\"elementor-widget-container\">\n\t\t\t\t\t<h2 class=\"elementor-heading-title elementor-size-default\">Biographie de Diaka Camara<br> Productrice Guin\u00e9enne et Fondatrice de <br>CBC Worldwide<\/h2>\t\t\t\t<\/div>\n\t\t\t\t<\/div>\n\t\t\t\t<div class=\"elementor-element elementor-element-4529f61 elementor-invisible elementor-widget elementor-widget-text-editor\" data-id=\"4529f61\" data-element_type=\"widget\" data-settings=\"{&quot;_animation&quot;:&quot;fadeIn&quot;}\" data-widget_type=\"text-editor.default\">\n\t\t\t\t<div class=\"elementor-widget-container\">\n\t\t\t\t\t\t\t\t\t<p data-start=\"252\" data-end=\"740\">Fondatrice renomm\u00e9e de <strong data-start=\"1680\" data-end=\"1697\">CBC Worldwide<\/strong>, <strong data-start=\"1699\" data-end=\"1715\">Diaka Camara<\/strong> incarne une <strong data-start=\"1728\" data-end=\"1772\">figure majeure de l\u2019audiovisuel africain<\/strong>.<br data-start=\"1773\" data-end=\"1776\" \/><strong data-start=\"1778\" data-end=\"1790\">En effet<\/strong>, journaliste de formation et productrice accomplie, elle a lanc\u00e9 en 2011 son agence de communication et production audiovisuelle bas\u00e9e \u00e0 <strong data-start=\"1928\" data-end=\"1939\">Conakry<\/strong>.<br data-start=\"1940\" data-end=\"1943\" \/><strong data-start=\"1945\" data-end=\"1961\">D\u2019autre part<\/strong>, elle a cr\u00e9\u00e9 en 2017 la <a href=\"https:\/\/fondationdiakacamara.org\/\"><strong data-start=\"1986\" data-end=\"2012\">Fondation Diaka Camara<\/strong> <\/a>: celle-ci a <strong data-start=\"2026\" data-end=\"2065\">scolaris\u00e9 plus de 100 jeunes filles<\/strong> et inaugur\u00e9 plusieurs biblioth\u00e8ques communautaires.<br data-start=\"2117\" data-end=\"2120\" \/><strong data-start=\"2122\" data-end=\"2138\">Par ailleurs<\/strong>, elle m\u00e8ne la campagne <a href=\"https:\/\/www.youtube.com\/watch?v=EDcS0BysOlc\"><strong data-start=\"2162\" data-end=\"2186\">\u201cBrisons le Silence\u201d<\/strong><\/a> contre les violences de genre et plaide aupr\u00e8s des institutions pour l\u2019\u00e9mancipation des femmes.<\/p><p data-start=\"399\" data-end=\"534\"><strong data-start=\"399\" data-end=\"415\">Diaka Camara<\/strong>, fondatrice de <strong data-start=\"431\" data-end=\"448\">CBC Worldwide<\/strong>, est aujourd\u2019hui reconnue parmi les personnalit\u00e9s les plus influentes du continent.<\/p><p data-start=\"541\" data-end=\"699\">Elle a re\u00e7u de nombreuses distinctions prestigieuses. Par exemple, elle a \u00e9t\u00e9 honor\u00e9e comme <strong data-start=\"633\" data-end=\"662\">Outstanding Global Leader<\/strong> par le <strong data-start=\"670\" data-end=\"696\">Congr\u00e8s des \u00c9tats-Unis<\/strong>.<\/p><p data-start=\"706\" data-end=\"920\">De plus, elle a remport\u00e9 le <strong data-start=\"734\" data-end=\"758\">Feminia d\u2019Or en 2023<\/strong>, a \u00e9t\u00e9 s\u00e9lectionn\u00e9e par <strong data-start=\"783\" data-end=\"793\">CANAL+<\/strong> dans le programme <em data-start=\"812\" data-end=\"834\">L\u2019Afrique au F\u00e9minin<\/em>, et class\u00e9e parmi les <strong data-start=\"857\" data-end=\"893\">500 Africains les plus influents<\/strong> par <strong data-start=\"898\" data-end=\"917\">Tropic Magazine<\/strong>.<\/p><p data-start=\"927\" data-end=\"1003\">Par ailleurs, elle a int\u00e9gr\u00e9 le prestigieux <strong data-start=\"971\" data-end=\"1000\">programme <a href=\"https:\/\/alinstitute.org\/tutu-fellows\/tutu-fellows-directory\/933:diaka-camara-guinea\">Tutu Fellowship<\/a><\/strong>.<\/p><p data-start=\"1010\" data-end=\"1170\">En 2025, elle devient <strong data-start=\"1032\" data-end=\"1083\">commissaire g\u00e9n\u00e9rale des 72H du Livre \u00e0 Conakry<\/strong>, avec un focus sur la <strong data-start=\"1106\" data-end=\"1130\">litt\u00e9rature f\u00e9minine<\/strong> et les <strong data-start=\"1138\" data-end=\"1167\">voix cr\u00e9atives africaines<\/strong>.<\/p><p data-start=\"1177\" data-end=\"1379\">En tant que <strong data-start=\"1189\" data-end=\"1228\">porte-voix des femmes r\u00e9alisatrices<\/strong> et fervente d\u00e9fenseure d\u2019un <strong data-start=\"1257\" data-end=\"1292\">\u00e9cosyst\u00e8me culturel panafricain<\/strong>, <strong data-start=\"1294\" data-end=\"1338\">Diaka Camara fondatrice de CBC Worldwide<\/strong> milite pour une Afrique qui s\u2019exprime.<\/p><p data-start=\"1386\" data-end=\"1509\">Une Afrique qui raconte ses propres histoires, qui investit dans ses talents, et qui rayonne sur la sc\u00e8ne internationale.<\/p><p data-start=\"1516\" data-end=\"1690\">\u00c0 travers <strong data-start=\"1526\" data-end=\"1543\">CBC Worldwide<\/strong>, elle d\u00e9veloppe aujourd\u2019hui des projets innovants m\u00ealant <strong data-start=\"1601\" data-end=\"1612\">culture<\/strong>, <strong data-start=\"1614\" data-end=\"1627\">\u00e9ducation<\/strong>, <strong data-start=\"1629\" data-end=\"1646\">impact social<\/strong> et <strong data-start=\"1650\" data-end=\"1689\">production audiovisuelle de qualit\u00e9<\/strong>.<\/p>\t\t\t\t\t\t\t\t<\/div>\n\t\t\t\t<\/div>\n\t\t\t\t\t<\/div>\n\t\t<\/div>\n\t\t\t\t\t<\/div>\n\t\t<\/section>\n\t\t\t\t<section class=\"elementor-section elementor-top-section elementor-element elementor-element-gv4v0lh elementor-section-content-middle elementor-section-boxed elementor-section-height-default elementor-section-height-default\" data-id=\"gv4v0lh\" data-element_type=\"section\" data-settings=\"{&quot;background_background&quot;:&quot;classic&quot;,&quot;animation_mobile&quot;:&quot;slideInUp&quot;}\">\n\t\t\t\t\t\t\t<div class=\"elementor-background-overlay\"><\/div>\n\t\t\t\t\t\t\t<div class=\"elementor-container elementor-column-gap-no\">\n\t\t\t\t\t<div class=\"elementor-column elementor-col-100 elementor-top-column elementor-element elementor-element-60772b1\" data-id=\"60772b1\" data-element_type=\"column\">\n\t\t\t<div class=\"elementor-widget-wrap elementor-element-populated\">\n\t\t\t\t\t\t<section class=\"elementor-section elementor-inner-section elementor-element elementor-element-0834d95 elementor-section-boxed elementor-section-height-default elementor-section-height-default elementor-invisible\" data-id=\"0834d95\" data-element_type=\"section\" data-settings=\"{&quot;animation&quot;:&quot;fadeInUp&quot;}\">\n\t\t\t\t\t\t<div class=\"elementor-container elementor-column-gap-no\">\n\t\t\t\t\t<div class=\"elementor-column elementor-col-25 elementor-inner-column elementor-element elementor-element-9f2b31d\" data-id=\"9f2b31d\" data-element_type=\"column\">\n\t\t\t<div class=\"elementor-widget-wrap elementor-element-populated\">\n\t\t\t\t\t\t<div class=\"elementor-element elementor-element-1eaee11 elementor-widget elementor-widget-image\" data-id=\"1eaee11\" data-element_type=\"widget\" data-widget_type=\"image.default\">\n\t\t\t\t<div class=\"elementor-widget-container\">\n\t\t\t\t\t\t\t\t\t\t\t\t\t\t\t<img decoding=\"async\" width=\"574\" height=\"471\" src=\"https:\/\/www.cbcworldwideafrica.com\/cbcworldwideafrica\/wp-content\/uploads\/2025\/07\/Diaka_Camara_US_Congres_Recognition_Leader.jpg\" class=\"attachment-large size-large wp-image-1903\" alt=\"R\u00e9compense et distinction de Diaka Camara au congr\u00e8s am\u00e9ricain\" srcset=\"https:\/\/www.cbcworldwideafrica.com\/cbcworldwideafrica\/wp-content\/uploads\/2025\/07\/Diaka_Camara_US_Congres_Recognition_Leader.jpg 574w, https:\/\/www.cbcworldwideafrica.com\/cbcworldwideafrica\/wp-content\/uploads\/2025\/07\/Diaka_Camara_US_Congres_Recognition_Leader-300x246.jpg 300w\" sizes=\"(max-width: 574px) 100vw, 574px\" \/>\t\t\t\t\t\t\t\t\t\t\t\t\t\t\t<\/div>\n\t\t\t\t<\/div>\n\t\t\t\t<div class=\"elementor-element elementor-element-03e7550 elementor-widget elementor-widget-heading\" data-id=\"03e7550\" data-element_type=\"widget\" data-widget_type=\"heading.default\">\n\t\t\t\t<div class=\"elementor-widget-container\">\n\t\t\t\t\t<h3 class=\"elementor-heading-title elementor-size-default\"><a href=\"https:\/\/fr.wikipedia.org\/wiki\/Diaka_Camara\">Outstanding Global Leader<\/a><\/h3>\t\t\t\t<\/div>\n\t\t\t\t<\/div>\n\t\t\t\t<div class=\"elementor-element elementor-element-f9417bc elementor-widget elementor-widget-text-editor\" data-id=\"f9417bc\" data-element_type=\"widget\" data-widget_type=\"text-editor.default\">\n\t\t\t\t<div class=\"elementor-widget-container\">\n\t\t\t\t\t\t\t\t\t<p>Reconnaissance du\u00a0<a title=\"Congr\u00e8s des \u00c9tats-Unis\" href=\"https:\/\/fr.wikipedia.org\/wiki\/Congr%C3%A8s_des_%C3%89tats-Unis\">Congr\u00e8s des \u00c9tats-Unis<\/a>\u00a0comme\u00a0<i>Outstanding Global Leader<\/i>.<\/p>\t\t\t\t\t\t\t\t<\/div>\n\t\t\t\t<\/div>\n\t\t\t\t\t<\/div>\n\t\t<\/div>\n\t\t\t\t<div class=\"elementor-column elementor-col-25 elementor-inner-column elementor-element elementor-element-988710c\" data-id=\"988710c\" data-element_type=\"column\" data-settings=\"{&quot;animation_mobile&quot;:&quot;fadeInUp&quot;}\">\n\t\t\t<div class=\"elementor-widget-wrap elementor-element-populated\">\n\t\t\t\t\t\t<div class=\"elementor-element elementor-element-adf7c99 elementor-widget elementor-widget-image\" data-id=\"adf7c99\" data-element_type=\"widget\" data-widget_type=\"image.default\">\n\t\t\t\t<div class=\"elementor-widget-container\">\n\t\t\t\t\t\t\t\t\t\t\t\t\t\t\t<img loading=\"lazy\" decoding=\"async\" width=\"1024\" height=\"576\" src=\"https:\/\/www.cbcworldwideafrica.com\/cbcworldwideafrica\/wp-content\/uploads\/2025\/07\/maxresdefault-1024x576.jpg\" class=\"attachment-large size-large wp-image-1907\" alt=\"diaka camara sur le tournage de fort boyard\" srcset=\"https:\/\/www.cbcworldwideafrica.com\/cbcworldwideafrica\/wp-content\/uploads\/2025\/07\/maxresdefault-1024x576.jpg 1024w, https:\/\/www.cbcworldwideafrica.com\/cbcworldwideafrica\/wp-content\/uploads\/2025\/07\/maxresdefault-300x169.jpg 300w, https:\/\/www.cbcworldwideafrica.com\/cbcworldwideafrica\/wp-content\/uploads\/2025\/07\/maxresdefault-768x432.jpg 768w, https:\/\/www.cbcworldwideafrica.com\/cbcworldwideafrica\/wp-content\/uploads\/2025\/07\/maxresdefault.jpg 1280w\" sizes=\"(max-width: 1024px) 100vw, 1024px\" \/>\t\t\t\t\t\t\t\t\t\t\t\t\t\t\t<\/div>\n\t\t\t\t<\/div>\n\t\t\t\t<div class=\"elementor-element elementor-element-36b7580 elementor-widget elementor-widget-heading\" data-id=\"36b7580\" data-element_type=\"widget\" data-widget_type=\"heading.default\">\n\t\t\t\t<div class=\"elementor-widget-container\">\n\t\t\t\t\t<h3 class=\"elementor-heading-title elementor-size-default\"><a href=\"https:\/\/www.facebook.com\/watch\/?v=694431021797939\">fort boyard afrique<\/a><\/h3>\t\t\t\t<\/div>\n\t\t\t\t<\/div>\n\t\t\t\t<div class=\"elementor-element elementor-element-8b13322 elementor-widget elementor-widget-text-editor\" data-id=\"8b13322\" data-element_type=\"widget\" data-widget_type=\"text-editor.default\">\n\t\t\t\t<div class=\"elementor-widget-container\">\n\t\t\t\t\t\t\t\t\t<p>\u00a0Participation de Diaka Camara \u00e0 l\u2019\u00e9mission culte Fort Boyard Afrique<\/p>\t\t\t\t\t\t\t\t<\/div>\n\t\t\t\t<\/div>\n\t\t\t\t\t<\/div>\n\t\t<\/div>\n\t\t\t\t<div class=\"elementor-column elementor-col-25 elementor-inner-column elementor-element elementor-element-e78192b\" data-id=\"e78192b\" data-element_type=\"column\" data-settings=\"{&quot;animation_mobile&quot;:&quot;fadeInUp&quot;}\">\n\t\t\t<div class=\"elementor-widget-wrap elementor-element-populated\">\n\t\t\t\t\t\t<div class=\"elementor-element elementor-element-859f95d elementor-widget elementor-widget-image\" data-id=\"859f95d\" data-element_type=\"widget\" data-widget_type=\"image.default\">\n\t\t\t\t<div class=\"elementor-widget-container\">\n\t\t\t\t\t\t\t\t\t\t\t\t\t\t\t<img loading=\"lazy\" decoding=\"async\" width=\"1024\" height=\"756\" src=\"https:\/\/www.cbcworldwideafrica.com\/cbcworldwideafrica\/wp-content\/uploads\/2025\/07\/TV5MONDE-1024x756.png\" class=\"attachment-large size-large wp-image-1904\" alt=\"Diaka Camara dans le journal TV de TV5 Monde\" srcset=\"https:\/\/www.cbcworldwideafrica.com\/cbcworldwideafrica\/wp-content\/uploads\/2025\/07\/TV5MONDE-1024x756.png 1024w, https:\/\/www.cbcworldwideafrica.com\/cbcworldwideafrica\/wp-content\/uploads\/2025\/07\/TV5MONDE-300x222.png 300w, https:\/\/www.cbcworldwideafrica.com\/cbcworldwideafrica\/wp-content\/uploads\/2025\/07\/TV5MONDE-768x567.png 768w, https:\/\/www.cbcworldwideafrica.com\/cbcworldwideafrica\/wp-content\/uploads\/2025\/07\/TV5MONDE.png 1082w\" sizes=\"(max-width: 1024px) 100vw, 1024px\" \/>\t\t\t\t\t\t\t\t\t\t\t\t\t\t\t<\/div>\n\t\t\t\t<\/div>\n\t\t\t\t<div class=\"elementor-element elementor-element-b46873a elementor-widget elementor-widget-heading\" data-id=\"b46873a\" data-element_type=\"widget\" data-widget_type=\"heading.default\">\n\t\t\t\t<div class=\"elementor-widget-container\">\n\t\t\t\t\t<h3 class=\"elementor-heading-title elementor-size-default\"><a href=\"https:\/\/afrique.tv5monde.com\/information\/guinee-le-mannequin-revient-pour-une-3eme-saison\">Journal TV - <br>TV5 Monde<\/a><\/h3>\t\t\t\t<\/div>\n\t\t\t\t<\/div>\n\t\t\t\t<div class=\"elementor-element elementor-element-34061c0 elementor-widget elementor-widget-text-editor\" data-id=\"34061c0\" data-element_type=\"widget\" data-widget_type=\"text-editor.default\">\n\t\t\t\t<div class=\"elementor-widget-container\">\n\t\t\t\t\t\t\t\t\t<p>une parole m\u00e9diatique africaine qui compte<\/p>\t\t\t\t\t\t\t\t<\/div>\n\t\t\t\t<\/div>\n\t\t\t\t\t<\/div>\n\t\t<\/div>\n\t\t\t\t<div class=\"elementor-column elementor-col-25 elementor-inner-column elementor-element elementor-element-8ee4ec1\" data-id=\"8ee4ec1\" data-element_type=\"column\" data-settings=\"{&quot;animation_mobile&quot;:&quot;fadeInUp&quot;}\">\n\t\t\t<div class=\"elementor-widget-wrap elementor-element-populated\">\n\t\t\t\t\t\t<div class=\"elementor-element elementor-element-cbfa00e elementor-widget elementor-widget-image\" data-id=\"cbfa00e\" data-element_type=\"widget\" data-widget_type=\"image.default\">\n\t\t\t\t<div class=\"elementor-widget-container\">\n\t\t\t\t\t\t\t\t\t\t\t\t\t\t\t<img loading=\"lazy\" decoding=\"async\" width=\"571\" height=\"1024\" src=\"https:\/\/www.cbcworldwideafrica.com\/cbcworldwideafrica\/wp-content\/uploads\/2025\/07\/leadership-authentique-571x1024.jpg\" class=\"attachment-large size-large wp-image-1905\" alt=\"Livre de Diaka Camara au salon du livre de Paris et 72h du livre conakry\" srcset=\"https:\/\/www.cbcworldwideafrica.com\/cbcworldwideafrica\/wp-content\/uploads\/2025\/07\/leadership-authentique-571x1024.jpg 571w, https:\/\/www.cbcworldwideafrica.com\/cbcworldwideafrica\/wp-content\/uploads\/2025\/07\/leadership-authentique-167x300.jpg 167w, https:\/\/www.cbcworldwideafrica.com\/cbcworldwideafrica\/wp-content\/uploads\/2025\/07\/leadership-authentique.jpg 616w\" sizes=\"(max-width: 571px) 100vw, 571px\" \/>\t\t\t\t\t\t\t\t\t\t\t\t\t\t\t<\/div>\n\t\t\t\t<\/div>\n\t\t\t\t<div class=\"elementor-element elementor-element-2edef0d elementor-widget elementor-widget-heading\" data-id=\"2edef0d\" data-element_type=\"widget\" data-widget_type=\"heading.default\">\n\t\t\t\t<div class=\"elementor-widget-container\">\n\t\t\t\t\t<h3 class=\"elementor-heading-title elementor-size-default\"><a href=\"https:\/\/www.fnac.com\/a21544365\/Diaka-Camara-Le-leadership-authentique\">Le leadership authentique<\/a><\/h3>\t\t\t\t<\/div>\n\t\t\t\t<\/div>\n\t\t\t\t<div class=\"elementor-element elementor-element-af0c249 elementor-widget elementor-widget-text-editor\" data-id=\"af0c249\" data-element_type=\"widget\" data-widget_type=\"text-editor.default\">\n\t\t\t\t<div class=\"elementor-widget-container\">\n\t\t\t\t\t\t\t\t\t<p>Diaka Camara publie \u201cLe Leadership Authentique\u201d Editions l&rsquo;Harmattan Guin\u00e9e<\/p>\t\t\t\t\t\t\t\t<\/div>\n\t\t\t\t<\/div>\n\t\t\t\t\t<\/div>\n\t\t<\/div>\n\t\t\t\t\t<\/div>\n\t\t<\/section>\n\t\t\t\t\t<\/div>\n\t\t<\/div>\n\t\t\t\t\t<\/div>\n\t\t<\/section>\n\t\t\t\t<section class=\"elementor-section elementor-top-section elementor-element elementor-element-70e97ld elementor-section-content-middle elementor-section-boxed elementor-section-height-default elementor-section-height-default elementor-invisible\" data-id=\"70e97ld\" data-element_type=\"section\" data-settings=\"{&quot;background_background&quot;:&quot;classic&quot;,&quot;animation&quot;:&quot;zoomIn&quot;}\">\n\t\t\t\t\t\t\t<div class=\"elementor-background-overlay\"><\/div>\n\t\t\t\t\t\t\t<div class=\"elementor-container elementor-column-gap-no\">\n\t\t\t\t\t<div class=\"elementor-column elementor-col-100 elementor-top-column elementor-element elementor-element-4d09ef6\" data-id=\"4d09ef6\" data-element_type=\"column\">\n\t\t\t<div class=\"elementor-widget-wrap elementor-element-populated\">\n\t\t\t\t\t\t<div class=\"elementor-element elementor-element-82ef73b elementor-view-default elementor-widget elementor-widget-icon\" data-id=\"82ef73b\" data-element_type=\"widget\" data-widget_type=\"icon.default\">\n\t\t\t\t<div class=\"elementor-widget-container\">\n\t\t\t\t\t\t\t<div class=\"elementor-icon-wrapper\">\n\t\t\t<div class=\"elementor-icon\">\n\t\t\t<svg aria-hidden=\"true\" class=\"e-font-icon-svg e-fas-quote-left\" viewBox=\"0 0 512 512\" xmlns=\"http:\/\/www.w3.org\/2000\/svg\"><path d=\"M464 256h-80v-64c0-35.3 28.7-64 64-64h8c13.3 0 24-10.7 24-24V56c0-13.3-10.7-24-24-24h-8c-88.4 0-160 71.6-160 160v240c0 26.5 21.5 48 48 48h128c26.5 0 48-21.5 48-48V304c0-26.5-21.5-48-48-48zm-288 0H96v-64c0-35.3 28.7-64 64-64h8c13.3 0 24-10.7 24-24V56c0-13.3-10.7-24-24-24h-8C71.6 32 0 103.6 0 192v240c0 26.5 21.5 48 48 48h128c26.5 0 48-21.5 48-48V304c0-26.5-21.5-48-48-48z\"><\/path><\/svg>\t\t\t<\/div>\n\t\t<\/div>\n\t\t\t\t\t\t<\/div>\n\t\t\t\t<\/div>\n\t\t\t\t<div class=\"elementor-element elementor-element-a6215bc elementor-widget elementor-widget-text-editor\" data-id=\"a6215bc\" data-element_type=\"widget\" data-widget_type=\"text-editor.default\">\n\t\t\t\t<div class=\"elementor-widget-container\">\n\t\t\t\t\t\t\t\t\t<p>\u00a0\u00bb Raconter nos histoires, c\u2019est affirmer notre pouvoir. L\u2019Afrique n\u2019a pas besoin d\u2019\u00eatre sauv\u00e9e, elle a besoin d\u2019\u00eatre \u00e9cout\u00e9e !\u00a0\u00bb<\/p>\t\t\t\t\t\t\t\t<\/div>\n\t\t\t\t<\/div>\n\t\t\t\t<div class=\"elementor-element elementor-element-b3ae802 elementor-widget elementor-widget-heading\" data-id=\"b3ae802\" data-element_type=\"widget\" data-widget_type=\"heading.default\">\n\t\t\t\t<div class=\"elementor-widget-container\">\n\t\t\t\t\t<h3 class=\"elementor-heading-title elementor-size-medium\">-  diaka camara<\/h3>\t\t\t\t<\/div>\n\t\t\t\t<\/div>\n\t\t\t\t<div class=\"elementor-element elementor-element-6ecf0e1a elementor-widget elementor-widget-heading\" data-id=\"6ecf0e1a\" data-element_type=\"widget\" data-widget_type=\"heading.default\">\n\t\t\t\t<div class=\"elementor-widget-container\">\n\t\t\t\t\t<h5 class=\"elementor-heading-title elementor-size-default\">Cheffe d'entreprise, productrice, r\u00e9alisatrice et autrice.<\/h5>\t\t\t\t<\/div>\n\t\t\t\t<\/div>\n\t\t\t\t\t<\/div>\n\t\t<\/div>\n\t\t\t\t\t<\/div>\n\t\t<\/section>\n\t\t<div class=\"elementor-element elementor-element-10c5e85 e-flex e-con-boxed e-con e-parent\" data-id=\"10c5e85\" data-element_type=\"container\">\n\t\t\t\t\t<div class=\"e-con-inner\">\n\t\t\t\t<div class=\"elementor-element elementor-element-39e3cd1 elementor-align-center elementor-widget elementor-widget-button\" data-id=\"39e3cd1\" data-element_type=\"widget\" data-settings=\"{&quot;_animation_mobile&quot;:&quot;fadeInDown&quot;}\" data-widget_type=\"button.default\">\n\t\t\t\t<div class=\"elementor-widget-container\">\n\t\t\t\t\t\t\t\t\t<div class=\"elementor-button-wrapper\">\n\t\t\t\t\t<a class=\"elementor-button elementor-button-link elementor-size-sm\" href=\"https:\/\/www.cbcworldwideafrica.com\/cbcworldwideafrica\/\" target=\"_blank\">\n\t\t\t\t\t\t<span class=\"elementor-button-content-wrapper\">\n\t\t\t\t\t\t\t\t\t<span class=\"elementor-button-text\">portfolio de l'agence cbc worldwide<\/span>\n\t\t\t\t\t<\/span>\n\t\t\t\t\t<\/a>\n\t\t\t\t<\/div>\n\t\t\t\t\t\t\t\t<\/div>\n\t\t\t\t<\/div>\n\t\t\t\t<div class=\"elementor-element elementor-element-7c82c6a elementor-invisible elementor-widget elementor-widget-heading\" data-id=\"7c82c6a\" data-element_type=\"widget\" data-settings=\"{&quot;_animation&quot;:&quot;fadeInUp&quot;}\" data-widget_type=\"heading.default\">\n\t\t\t\t<div class=\"elementor-widget-container\">\n\t\t\t\t\t<h2 class=\"elementor-heading-title elementor-size-default\">Revue de presse de Diaka Camara<\/h2>\t\t\t\t<\/div>\n\t\t\t\t<\/div>\n\t\t\t\t<div class=\"elementor-element elementor-element-d7f5979 elementor-invisible elementor-widget elementor-widget-heading\" data-id=\"d7f5979\" data-element_type=\"widget\" data-settings=\"{&quot;_animation&quot;:&quot;fadeIn&quot;}\" data-widget_type=\"heading.default\">\n\t\t\t\t<div class=\"elementor-widget-container\">\n\t\t\t\t\t<h3 class=\"elementor-heading-title elementor-size-default\"><a href=\"https:\/\/afrique.tv5monde.com\/information\/guinee-le-mannequin-revient-pour-une-3eme-saison\"> tv5 monde - le journal<\/a><\/h3>\t\t\t\t<\/div>\n\t\t\t\t<\/div>\n\t\t\t\t<div class=\"elementor-element elementor-element-6540965 elementor-invisible elementor-widget elementor-widget-heading\" data-id=\"6540965\" data-element_type=\"widget\" data-settings=\"{&quot;_animation&quot;:&quot;fadeIn&quot;}\" data-widget_type=\"heading.default\">\n\t\t\t\t<div class=\"elementor-widget-container\">\n\t\t\t\t\t<h3 class=\"elementor-heading-title elementor-size-default\"><a href=\"https:\/\/www.jeuneafrique.com\/mag\/315116\/culture\/guinee-diaka-camara-succes-chaine\/\">jeune afrique<\/a><\/h3>\t\t\t\t<\/div>\n\t\t\t\t<\/div>\n\t\t\t\t<div class=\"elementor-element elementor-element-066c84b elementor-invisible elementor-widget elementor-widget-heading\" data-id=\"066c84b\" data-element_type=\"widget\" data-settings=\"{&quot;_animation&quot;:&quot;fadeIn&quot;}\" data-widget_type=\"heading.default\">\n\t\t\t\t<div class=\"elementor-widget-container\">\n\t\t\t\t\t<h3 class=\"elementor-heading-title elementor-size-default\"><a href=\"https:\/\/www.youtube.com\/watch?v=diVMppHB6Ms\"> africa 24 - cine 24<\/a><\/h3>\t\t\t\t<\/div>\n\t\t\t\t<\/div>\n\t\t\t\t<div class=\"elementor-element elementor-element-847dae9 elementor-invisible elementor-widget elementor-widget-heading\" data-id=\"847dae9\" data-element_type=\"widget\" data-settings=\"{&quot;_animation&quot;:&quot;fadeIn&quot;}\" data-widget_type=\"heading.default\">\n\t\t\t\t<div class=\"elementor-widget-container\">\n\t\t\t\t\t<h3 class=\"elementor-heading-title elementor-size-default\"><a href=\"https:\/\/www.jeuneafrique.com\/brandcontent\/1668950\/72-heures-du-livre-de-conakry-celebrer-la-puissance-feminine-a-travers-la-litterature\/\">les 72h du livre - jeune afrique<\/a><\/h3>\t\t\t\t<\/div>\n\t\t\t\t<\/div>\n\t\t\t\t<div class=\"elementor-element elementor-element-e8e0793 elementor-widget elementor-widget-heading\" data-id=\"e8e0793\" data-element_type=\"widget\" data-widget_type=\"heading.default\">\n\t\t\t\t<div class=\"elementor-widget-container\">\n\t\t\t\t\t<h3 class=\"elementor-heading-title elementor-size-default\"><a href=\"https:\/\/rootsmagazine.fr\/diaka-camara-boss-lady-guinee\/\"> roots magazine<\/a><\/h3>\t\t\t\t<\/div>\n\t\t\t\t<\/div>\n\t\t\t\t<div class=\"elementor-element elementor-element-a516650 elementor-widget elementor-widget-heading\" data-id=\"a516650\" data-element_type=\"widget\" data-widget_type=\"heading.default\">\n\t\t\t\t<div class=\"elementor-widget-container\">\n\t\t\t\t\t<h3 class=\"elementor-heading-title elementor-size-default\"><a href=\"https:\/\/nuhanciam.com\/blogs\/le-journal-nuhanciam\/tout-en-nuance-linterview-de-diaka-camara?srsltid=AfmBOop_0dq2ryXjDNCsjfyp61djADNUYjEf-rGeKJm7zBYM7giYwDo3\"> nuhanciam<\/a><\/h3>\t\t\t\t<\/div>\n\t\t\t\t<\/div>\n\t\t\t\t<div class=\"elementor-element elementor-element-dc5eb8f elementor-invisible elementor-widget elementor-widget-heading\" data-id=\"dc5eb8f\" data-element_type=\"widget\" data-settings=\"{&quot;_animation&quot;:&quot;fadeIn&quot;}\" data-widget_type=\"heading.default\">\n\t\t\t\t<div class=\"elementor-widget-container\">\n\t\t\t\t\t<h3 class=\"elementor-heading-title elementor-size-default\"><a href=\"https:\/\/www.salondulivreafricaindeparis.com\/camara-diaka\"> salon du livre<\/a><\/h3>\t\t\t\t<\/div>\n\t\t\t\t<\/div>\n\t\t\t\t<div class=\"elementor-element elementor-element-e622d7f elementor-invisible elementor-widget elementor-widget-heading\" data-id=\"e622d7f\" data-element_type=\"widget\" data-settings=\"{&quot;_animation&quot;:&quot;fadeIn&quot;}\" data-widget_type=\"heading.default\">\n\t\t\t\t<div class=\"elementor-widget-container\">\n\t\t\t\t\t<h3 class=\"elementor-heading-title elementor-size-default\"><a href=\"https:\/\/guineenews.org\/2025\/02\/19\/lamine-kapi-camara-un-destin-de-resilience-et-de-pardon-retrace-dans-un-film-documentaire\/\">Documentaire cbc wordlwide  - guineenews<\/a><\/h3>\t\t\t\t<\/div>\n\t\t\t\t<\/div>\n\t\t\t\t<div class=\"elementor-element elementor-element-abdb94a elementor-invisible elementor-widget elementor-widget-heading\" data-id=\"abdb94a\" data-element_type=\"widget\" data-settings=\"{&quot;_animation&quot;:&quot;fadeIn&quot;}\" data-widget_type=\"heading.default\">\n\t\t\t\t<div class=\"elementor-widget-container\">\n\t\t\t\t\t<h3 class=\"elementor-heading-title elementor-size-default\"><a href=\"https:\/\/www.fnac.com\/a21544365\/Diaka-Camara-Le-leadership-authentique\">fnac - le leadership authentique<\/a><\/h3>\t\t\t\t<\/div>\n\t\t\t\t<\/div>\n\t\t\t\t\t<\/div>\n\t\t\t\t<\/div>\n\t\t<div class=\"elementor-element elementor-element-9ff49bd e-flex e-con-boxed e-con e-parent\" data-id=\"9ff49bd\" data-element_type=\"container\">\n\t\t\t\t\t<div class=\"e-con-inner\">\n\t\t\t\t<div class=\"elementor-element elementor-element-c2635bb elementor-widget elementor-widget-image\" data-id=\"c2635bb\" data-element_type=\"widget\" data-settings=\"{&quot;_animation_mobile&quot;:&quot;fadeIn&quot;}\" data-widget_type=\"image.default\">\n\t\t\t\t<div class=\"elementor-widget-container\">\n\t\t\t\t\t\t\t\t\t\t\t\t\t\t\t<img loading=\"lazy\" decoding=\"async\" width=\"1024\" height=\"579\" src=\"https:\/\/www.cbcworldwideafrica.com\/cbcworldwideafrica\/wp-content\/uploads\/2025\/06\/genere-moi-une-photo-dun-clap-de-cinema-avec-ecrit-dessus-CBC-WORLDWID-COM-PROD-2-1024x579.jpg\" class=\"attachment-large size-large wp-image-1250\" alt=\"cbc worldwide communication et production en Guin\u00e9e\" srcset=\"https:\/\/www.cbcworldwideafrica.com\/cbcworldwideafrica\/wp-content\/uploads\/2025\/06\/genere-moi-une-photo-dun-clap-de-cinema-avec-ecrit-dessus-CBC-WORLDWID-COM-PROD-2-1024x579.jpg 1024w, https:\/\/www.cbcworldwideafrica.com\/cbcworldwideafrica\/wp-content\/uploads\/2025\/06\/genere-moi-une-photo-dun-clap-de-cinema-avec-ecrit-dessus-CBC-WORLDWID-COM-PROD-2-300x170.jpg 300w, https:\/\/www.cbcworldwideafrica.com\/cbcworldwideafrica\/wp-content\/uploads\/2025\/06\/genere-moi-une-photo-dun-clap-de-cinema-avec-ecrit-dessus-CBC-WORLDWID-COM-PROD-2-768x434.jpg 768w, https:\/\/www.cbcworldwideafrica.com\/cbcworldwideafrica\/wp-content\/uploads\/2025\/06\/genere-moi-une-photo-dun-clap-de-cinema-avec-ecrit-dessus-CBC-WORLDWID-COM-PROD-2.jpg 1472w\" sizes=\"(max-width: 1024px) 100vw, 1024px\" \/>\t\t\t\t\t\t\t\t\t\t\t\t\t\t\t<\/div>\n\t\t\t\t<\/div>\n\t\t\t\t\t<\/div>\n\t\t\t\t<\/div>\n\t\t<div class=\"elementor-element elementor-element-66f3998 e-flex e-con-boxed e-con e-parent\" data-id=\"66f3998\" data-element_type=\"container\">\n\t\t\t\t\t<div class=\"e-con-inner\">\n\t\t\t\t<div class=\"elementor-element elementor-element-55b7c7d elementor-align-center elementor-widget elementor-widget-button\" data-id=\"55b7c7d\" data-element_type=\"widget\" data-widget_type=\"button.default\">\n\t\t\t\t<div class=\"elementor-widget-container\">\n\t\t\t\t\t\t\t\t\t<div class=\"elementor-button-wrapper\">\n\t\t\t\t\t<a class=\"elementor-button elementor-button-link elementor-size-sm\" href=\"mailto:contact@cbcworldwide.africa\">\n\t\t\t\t\t\t<span class=\"elementor-button-content-wrapper\">\n\t\t\t\t\t\t\t\t\t<span class=\"elementor-button-text\">contactez-nous<\/span>\n\t\t\t\t\t<\/span>\n\t\t\t\t\t<\/a>\n\t\t\t\t<\/div>\n\t\t\t\t\t\t\t\t<\/div>\n\t\t\t\t<\/div>\n\t\t\t\t\t<\/div>\n\t\t\t\t<\/div>\n\t\t\t\t<\/div>\n\t\t","protected":false},"excerpt":{"rendered":"<p>premi\u00e8re agence de communication et d&rsquo;audiovisuel en guin\u00e9e -fond\u00e9e par Diaka Camara &#8211; Diaka Camara, fondatrice de CBC Worldwide et figure de l\u2019audiovisuel africain Fondatrice de CBC Worldwide, Diaka Camara dirige depuis 2011 la premi\u00e8re agence de communication et de production audiovisuelle en Guin\u00e9e. Productrice guin\u00e9enne et entrepreneure engag\u00e9e, elle est aujourd\u2019hui reconnue comme une [&hellip;]<\/p>\n","protected":false},"author":1,"featured_media":0,"parent":0,"menu_order":0,"comment_status":"closed","ping_status":"closed","template":"","meta":{"_uag_custom_page_level_css":"","site-sidebar-layout":"no-sidebar","site-content-layout":"page-builder","ast-site-content-layout":"full-width-container","site-content-style":"unboxed","site-sidebar-style":"unboxed","ast-global-header-display":"","ast-banner-title-visibility":"","ast-main-header-display":"","ast-hfb-above-header-display":"","ast-hfb-below-header-display":"","ast-hfb-mobile-header-display":"","site-post-title":"disabled","ast-breadcrumbs-content":"","ast-featured-img":"disabled","footer-sml-layout":"","theme-transparent-header-meta":"","adv-header-id-meta":"","stick-header-meta":"default","header-above-stick-meta":"","header-main-stick-meta":"","header-below-stick-meta":"","astra-migrate-meta-layouts":"set","ast-page-background-enabled":"default","ast-page-background-meta":{"desktop":{"background-color":"","background-image":"","background-repeat":"repeat","background-position":"center center","background-size":"auto","background-attachment":"scroll","background-type":"","background-media":"","overlay-type":"","overlay-color":"","overlay-opacity":"","overlay-gradient":""},"tablet":{"background-color":"","background-image":"","background-repeat":"repeat","background-position":"center center","background-size":"auto","background-attachment":"scroll","background-type":"","background-media":"","overlay-type":"","overlay-color":"","overlay-opacity":"","overlay-gradient":""},"mobile":{"background-color":"","background-image":"","background-repeat":"repeat","background-position":"center center","background-size":"auto","background-attachment":"scroll","background-type":"","background-media":"","overlay-type":"","overlay-color":"","overlay-opacity":"","overlay-gradient":""}},"ast-content-background-meta":{"desktop":{"background-color":"var(--ast-global-color-5)","background-image":"","background-repeat":"repeat","background-position":"center center","background-size":"auto","background-attachment":"scroll","background-type":"","background-media":"","overlay-type":"","overlay-color":"","overlay-opacity":"","overlay-gradient":""},"tablet":{"background-color":"var(--ast-global-color-5)","background-image":"","background-repeat":"repeat","background-position":"center center","background-size":"auto","background-attachment":"scroll","background-type":"","background-media":"","overlay-type":"","overlay-color":"","overlay-opacity":"","overlay-gradient":""},"mobile":{"background-color":"var(--ast-global-color-5)","background-image":"","background-repeat":"repeat","background-position":"center center","background-size":"auto","background-attachment":"scroll","background-type":"","background-media":"","overlay-type":"","overlay-color":"","overlay-opacity":"","overlay-gradient":""}},"footnotes":""},"class_list":["post-31","page","type-page","status-publish","hentry"],"yoast_head":"<!-- This site is optimized with the Yoast SEO plugin v25.6 - https:\/\/yoast.com\/wordpress\/plugins\/seo\/ -->\n<title>Diaka Camara Fondatrice de CBC Worldwide - CBC WORLDWIDE AGENCE DE COMMUNICATION ET DE PRODUCTION AUDIOVISUELLE AFRICAINE<\/title>\n<meta name=\"description\" content=\"D\u00e9couvrez le parcours de Diaka Camara, fondatrice de CBC Worldwide Africa, autrice, productrice, r\u00e9alisatrice et militante pour l\u2019audiovisuel en Afrique.\" \/>\n<meta name=\"robots\" content=\"index, follow, max-snippet:-1, max-image-preview:large, max-video-preview:-1\" \/>\n<link rel=\"canonical\" href=\"https:\/\/www.cbcworldwideafrica.com\/cbcworldwideafrica\/diaka-camara-fondatrice-cbcworldwide\/\" \/>\n<meta property=\"og:locale\" content=\"fr_FR\" \/>\n<meta property=\"og:type\" content=\"article\" \/>\n<meta property=\"og:title\" content=\"Diaka Camara Fondatrice de CBC Worldwide - CBC WORLDWIDE AGENCE DE COMMUNICATION ET DE PRODUCTION AUDIOVISUELLE AFRICAINE\" \/>\n<meta property=\"og:description\" content=\"D\u00e9couvrez le parcours de Diaka Camara, fondatrice de CBC Worldwide Africa, autrice, productrice, r\u00e9alisatrice et militante pour l\u2019audiovisuel en Afrique.\" \/>\n<meta property=\"og:url\" content=\"https:\/\/www.cbcworldwideafrica.com\/cbcworldwideafrica\/diaka-camara-fondatrice-cbcworldwide\/\" \/>\n<meta property=\"og:site_name\" content=\"CBC WORLDWIDE AGENCE DE COMMUNICATION ET DE PRODUCTION AUDIOVISUELLE AFRICAINE\" \/>\n<meta property=\"article:modified_time\" content=\"2025-08-08T14:14:13+00:00\" \/>\n<meta property=\"og:image\" content=\"https:\/\/www.cbcworldwideafrica.com\/cbcworldwideafrica\/wp-content\/uploads\/2025\/06\/cbc-field-2.jpg\" \/>\n<meta name=\"twitter:card\" content=\"summary_large_image\" \/>\n<meta name=\"twitter:label1\" content=\"Dur\u00e9e de lecture estim\u00e9e\" \/>\n\t<meta name=\"twitter:data1\" content=\"7 minutes\" \/>\n<script type=\"application\/ld+json\" class=\"yoast-schema-graph\">{\"@context\":\"https:\/\/schema.org\",\"@graph\":[{\"@type\":\"WebPage\",\"@id\":\"https:\/\/www.cbcworldwideafrica.com\/cbcworldwideafrica\/diaka-camara-fondatrice-cbcworldwide\/\",\"url\":\"https:\/\/www.cbcworldwideafrica.com\/cbcworldwideafrica\/diaka-camara-fondatrice-cbcworldwide\/\",\"name\":\"Diaka Camara Fondatrice de CBC Worldwide - CBC WORLDWIDE AGENCE DE COMMUNICATION ET DE PRODUCTION AUDIOVISUELLE AFRICAINE\",\"isPartOf\":{\"@id\":\"https:\/\/www.cbcworldwideafrica.com\/cbcworldwideafrica\/#website\"},\"primaryImageOfPage\":{\"@id\":\"https:\/\/www.cbcworldwideafrica.com\/cbcworldwideafrica\/diaka-camara-fondatrice-cbcworldwide\/#primaryimage\"},\"image\":{\"@id\":\"https:\/\/www.cbcworldwideafrica.com\/cbcworldwideafrica\/diaka-camara-fondatrice-cbcworldwide\/#primaryimage\"},\"thumbnailUrl\":\"https:\/\/www.cbcworldwideafrica.com\/cbcworldwideafrica\/wp-content\/uploads\/2025\/06\/cbc-field-2.jpg\",\"datePublished\":\"2025-06-10T19:48:08+00:00\",\"dateModified\":\"2025-08-08T14:14:13+00:00\",\"description\":\"D\u00e9couvrez le parcours de Diaka Camara, fondatrice de CBC Worldwide Africa, autrice, productrice, r\u00e9alisatrice et militante pour l\u2019audiovisuel en Afrique.\",\"breadcrumb\":{\"@id\":\"https:\/\/www.cbcworldwideafrica.com\/cbcworldwideafrica\/diaka-camara-fondatrice-cbcworldwide\/#breadcrumb\"},\"inLanguage\":\"fr-FR\",\"potentialAction\":[{\"@type\":\"ReadAction\",\"target\":[\"https:\/\/www.cbcworldwideafrica.com\/cbcworldwideafrica\/diaka-camara-fondatrice-cbcworldwide\/\"]}]},{\"@type\":\"ImageObject\",\"inLanguage\":\"fr-FR\",\"@id\":\"https:\/\/www.cbcworldwideafrica.com\/cbcworldwideafrica\/diaka-camara-fondatrice-cbcworldwide\/#primaryimage\",\"url\":\"https:\/\/www.cbcworldwideafrica.com\/cbcworldwideafrica\/wp-content\/uploads\/2025\/06\/cbc-field-2.jpg\",\"contentUrl\":\"https:\/\/www.cbcworldwideafrica.com\/cbcworldwideafrica\/wp-content\/uploads\/2025\/06\/cbc-field-2.jpg\",\"width\":768,\"height\":960,\"caption\":\"equipe de tournage africaine cbc worldwide africa a conakry\"},{\"@type\":\"BreadcrumbList\",\"@id\":\"https:\/\/www.cbcworldwideafrica.com\/cbcworldwideafrica\/diaka-camara-fondatrice-cbcworldwide\/#breadcrumb\",\"itemListElement\":[{\"@type\":\"ListItem\",\"position\":1,\"name\":\"Accueil\",\"item\":\"https:\/\/www.cbcworldwideafrica.com\/cbcworldwideafrica\/\"},{\"@type\":\"ListItem\",\"position\":2,\"name\":\"Diaka Camara Fondatrice de CBC Worldwide\"}]},{\"@type\":\"WebSite\",\"@id\":\"https:\/\/www.cbcworldwideafrica.com\/cbcworldwideafrica\/#website\",\"url\":\"https:\/\/www.cbcworldwideafrica.com\/cbcworldwideafrica\/\",\"name\":\"CBC WORLDWIDE AGENCE DE COMMUNICATION ET DE PRODUCTION AUDIOVISUELLE AFRICAINE\",\"description\":\"\",\"publisher\":{\"@id\":\"https:\/\/www.cbcworldwideafrica.com\/cbcworldwideafrica\/#organization\"},\"potentialAction\":[{\"@type\":\"SearchAction\",\"target\":{\"@type\":\"EntryPoint\",\"urlTemplate\":\"https:\/\/www.cbcworldwideafrica.com\/cbcworldwideafrica\/?s={search_term_string}\"},\"query-input\":{\"@type\":\"PropertyValueSpecification\",\"valueRequired\":true,\"valueName\":\"search_term_string\"}}],\"inLanguage\":\"fr-FR\"},{\"@type\":\"Organization\",\"@id\":\"https:\/\/www.cbcworldwideafrica.com\/cbcworldwideafrica\/#organization\",\"name\":\"CBC WORLDWIDE AGENCE DE COMMUNICATION ET DE PRODUCTION AUDIOVISUELLE AFRICAINE\",\"url\":\"https:\/\/www.cbcworldwideafrica.com\/cbcworldwideafrica\/\",\"logo\":{\"@type\":\"ImageObject\",\"inLanguage\":\"fr-FR\",\"@id\":\"https:\/\/www.cbcworldwideafrica.com\/cbcworldwideafrica\/#\/schema\/logo\/image\/\",\"url\":\"https:\/\/www.cbcworldwideafrica.com\/cbcworldwideafrica\/wp-content\/uploads\/2025\/06\/LOGO-CBC.png\",\"contentUrl\":\"https:\/\/www.cbcworldwideafrica.com\/cbcworldwideafrica\/wp-content\/uploads\/2025\/06\/LOGO-CBC.png\",\"width\":1500,\"height\":1600,\"caption\":\"CBC WORLDWIDE AGENCE DE COMMUNICATION ET DE PRODUCTION AUDIOVISUELLE AFRICAINE\"},\"image\":{\"@id\":\"https:\/\/www.cbcworldwideafrica.com\/cbcworldwideafrica\/#\/schema\/logo\/image\/\"}}]}<\/script>\n<!-- \/ Yoast SEO plugin. -->","yoast_head_json":{"title":"Diaka Camara Fondatrice de CBC Worldwide - CBC WORLDWIDE AGENCE DE COMMUNICATION ET DE PRODUCTION AUDIOVISUELLE AFRICAINE","description":"D\u00e9couvrez le parcours de Diaka Camara, fondatrice de CBC Worldwide Africa, autrice, productrice, r\u00e9alisatrice et militante pour l\u2019audiovisuel en Afrique.","robots":{"index":"index","follow":"follow","max-snippet":"max-snippet:-1","max-image-preview":"max-image-preview:large","max-video-preview":"max-video-preview:-1"},"canonical":"https:\/\/www.cbcworldwideafrica.com\/cbcworldwideafrica\/diaka-camara-fondatrice-cbcworldwide\/","og_locale":"fr_FR","og_type":"article","og_title":"Diaka Camara Fondatrice de CBC Worldwide - CBC WORLDWIDE AGENCE DE COMMUNICATION ET DE PRODUCTION AUDIOVISUELLE AFRICAINE","og_description":"D\u00e9couvrez le parcours de Diaka Camara, fondatrice de CBC Worldwide Africa, autrice, productrice, r\u00e9alisatrice et militante pour l\u2019audiovisuel en Afrique.","og_url":"https:\/\/www.cbcworldwideafrica.com\/cbcworldwideafrica\/diaka-camara-fondatrice-cbcworldwide\/","og_site_name":"CBC WORLDWIDE AGENCE DE COMMUNICATION ET DE PRODUCTION AUDIOVISUELLE AFRICAINE","article_modified_time":"2025-08-08T14:14:13+00:00","og_image":[{"url":"https:\/\/www.cbcworldwideafrica.com\/cbcworldwideafrica\/wp-content\/uploads\/2025\/06\/cbc-field-2.jpg","type":"","width":"","height":""}],"twitter_card":"summary_large_image","twitter_misc":{"Dur\u00e9e de lecture estim\u00e9e":"7 minutes"},"schema":{"@context":"https:\/\/schema.org","@graph":[{"@type":"WebPage","@id":"https:\/\/www.cbcworldwideafrica.com\/cbcworldwideafrica\/diaka-camara-fondatrice-cbcworldwide\/","url":"https:\/\/www.cbcworldwideafrica.com\/cbcworldwideafrica\/diaka-camara-fondatrice-cbcworldwide\/","name":"Diaka Camara Fondatrice de CBC Worldwide - CBC WORLDWIDE AGENCE DE COMMUNICATION ET DE PRODUCTION AUDIOVISUELLE AFRICAINE","isPartOf":{"@id":"https:\/\/www.cbcworldwideafrica.com\/cbcworldwideafrica\/#website"},"primaryImageOfPage":{"@id":"https:\/\/www.cbcworldwideafrica.com\/cbcworldwideafrica\/diaka-camara-fondatrice-cbcworldwide\/#primaryimage"},"image":{"@id":"https:\/\/www.cbcworldwideafrica.com\/cbcworldwideafrica\/diaka-camara-fondatrice-cbcworldwide\/#primaryimage"},"thumbnailUrl":"https:\/\/www.cbcworldwideafrica.com\/cbcworldwideafrica\/wp-content\/uploads\/2025\/06\/cbc-field-2.jpg","datePublished":"2025-06-10T19:48:08+00:00","dateModified":"2025-08-08T14:14:13+00:00","description":"D\u00e9couvrez le parcours de Diaka Camara, fondatrice de CBC Worldwide Africa, autrice, productrice, r\u00e9alisatrice et militante pour l\u2019audiovisuel en Afrique.","breadcrumb":{"@id":"https:\/\/www.cbcworldwideafrica.com\/cbcworldwideafrica\/diaka-camara-fondatrice-cbcworldwide\/#breadcrumb"},"inLanguage":"fr-FR","potentialAction":[{"@type":"ReadAction","target":["https:\/\/www.cbcworldwideafrica.com\/cbcworldwideafrica\/diaka-camara-fondatrice-cbcworldwide\/"]}]},{"@type":"ImageObject","inLanguage":"fr-FR","@id":"https:\/\/www.cbcworldwideafrica.com\/cbcworldwideafrica\/diaka-camara-fondatrice-cbcworldwide\/#primaryimage","url":"https:\/\/www.cbcworldwideafrica.com\/cbcworldwideafrica\/wp-content\/uploads\/2025\/06\/cbc-field-2.jpg","contentUrl":"https:\/\/www.cbcworldwideafrica.com\/cbcworldwideafrica\/wp-content\/uploads\/2025\/06\/cbc-field-2.jpg","width":768,"height":960,"caption":"equipe de tournage africaine cbc worldwide africa a conakry"},{"@type":"BreadcrumbList","@id":"https:\/\/www.cbcworldwideafrica.com\/cbcworldwideafrica\/diaka-camara-fondatrice-cbcworldwide\/#breadcrumb","itemListElement":[{"@type":"ListItem","position":1,"name":"Accueil","item":"https:\/\/www.cbcworldwideafrica.com\/cbcworldwideafrica\/"},{"@type":"ListItem","position":2,"name":"Diaka Camara Fondatrice de CBC Worldwide"}]},{"@type":"WebSite","@id":"https:\/\/www.cbcworldwideafrica.com\/cbcworldwideafrica\/#website","url":"https:\/\/www.cbcworldwideafrica.com\/cbcworldwideafrica\/","name":"CBC WORLDWIDE AGENCE DE COMMUNICATION ET DE PRODUCTION AUDIOVISUELLE AFRICAINE","description":"","publisher":{"@id":"https:\/\/www.cbcworldwideafrica.com\/cbcworldwideafrica\/#organization"},"potentialAction":[{"@type":"SearchAction","target":{"@type":"EntryPoint","urlTemplate":"https:\/\/www.cbcworldwideafrica.com\/cbcworldwideafrica\/?s={search_term_string}"},"query-input":{"@type":"PropertyValueSpecification","valueRequired":true,"valueName":"search_term_string"}}],"inLanguage":"fr-FR"},{"@type":"Organization","@id":"https:\/\/www.cbcworldwideafrica.com\/cbcworldwideafrica\/#organization","name":"CBC WORLDWIDE AGENCE DE COMMUNICATION ET DE PRODUCTION AUDIOVISUELLE AFRICAINE","url":"https:\/\/www.cbcworldwideafrica.com\/cbcworldwideafrica\/","logo":{"@type":"ImageObject","inLanguage":"fr-FR","@id":"https:\/\/www.cbcworldwideafrica.com\/cbcworldwideafrica\/#\/schema\/logo\/image\/","url":"https:\/\/www.cbcworldwideafrica.com\/cbcworldwideafrica\/wp-content\/uploads\/2025\/06\/LOGO-CBC.png","contentUrl":"https:\/\/www.cbcworldwideafrica.com\/cbcworldwideafrica\/wp-content\/uploads\/2025\/06\/LOGO-CBC.png","width":1500,"height":1600,"caption":"CBC WORLDWIDE AGENCE DE COMMUNICATION ET DE PRODUCTION AUDIOVISUELLE AFRICAINE"},"image":{"@id":"https:\/\/www.cbcworldwideafrica.com\/cbcworldwideafrica\/#\/schema\/logo\/image\/"}}]}},"uagb_featured_image_src":{"full":false,"thumbnail":false,"medium":false,"medium_large":false,"large":false,"1536x1536":false,"2048x2048":false},"uagb_author_info":{"display_name":"diaka@cbc2025","author_link":"https:\/\/www.cbcworldwideafrica.com\/cbcworldwideafrica\/author\/diakacbc2025\/"},"uagb_comment_info":0,"uagb_excerpt":"premi\u00e8re agence de communication et d&rsquo;audiovisuel en guin\u00e9e -fond\u00e9e par Diaka Camara &#8211; Diaka Camara, fondatrice de CBC Worldwide et figure de l\u2019audiovisuel africain Fondatrice de CBC Worldwide, Diaka Camara dirige depuis 2011 la premi\u00e8re agence de communication et de production audiovisuelle en Guin\u00e9e. Productrice guin\u00e9enne et entrepreneure engag\u00e9e, elle est aujourd\u2019hui reconnue comme une\u2026","_links":{"self":[{"href":"https:\/\/www.cbcworldwideafrica.com\/cbcworldwideafrica\/wp-json\/wp\/v2\/pages\/31","targetHints":{"allow":["GET"]}}],"collection":[{"href":"https:\/\/www.cbcworldwideafrica.com\/cbcworldwideafrica\/wp-json\/wp\/v2\/pages"}],"about":[{"href":"https:\/\/www.cbcworldwideafrica.com\/cbcworldwideafrica\/wp-json\/wp\/v2\/types\/page"}],"author":[{"embeddable":true,"href":"https:\/\/www.cbcworldwideafrica.com\/cbcworldwideafrica\/wp-json\/wp\/v2\/users\/1"}],"replies":[{"embeddable":true,"href":"https:\/\/www.cbcworldwideafrica.com\/cbcworldwideafrica\/wp-json\/wp\/v2\/comments?post=31"}],"version-history":[{"count":102,"href":"https:\/\/www.cbcworldwideafrica.com\/cbcworldwideafrica\/wp-json\/wp\/v2\/pages\/31\/revisions"}],"predecessor-version":[{"id":2390,"href":"https:\/\/www.cbcworldwideafrica.com\/cbcworldwideafrica\/wp-json\/wp\/v2\/pages\/31\/revisions\/2390"}],"wp:attachment":[{"href":"https:\/\/www.cbcworldwideafrica.com\/cbcworldwideafrica\/wp-json\/wp\/v2\/media?parent=31"}],"curies":[{"name":"wp","href":"https:\/\/api.w.org\/{rel}","templated":true}]}}